{"id":1554,"date":"2015-03-18T11:59:50","date_gmt":"2015-03-18T14:59:50","guid":{"rendered":"http:\/\/www.museocaraffa.org.ar\/blogcentenario\/?page_id=1554"},"modified":"2023-03-02T16:58:55","modified_gmt":"2023-03-02T19:58:55","slug":"museo-caraffa-100-anos","status":"publish","type":"page","link":"http:\/\/www.museocaraffa.org.ar\/blogcentenario\/?page_id=1554","title":{"rendered":"Museo Caraffa &#8211; 100 a\u00f1os"},"content":{"rendered":"<p style=\"text-align: justify;\"><a href=\"http:\/\/www.museocaraffa.org.ar\/blogcentenario\/wp-content\/uploads\/2015\/02\/caratula-100-a\u00f1os.jpg\"><img loading=\"lazy\" class=\"size-full wp-image-1307\" src=\"http:\/\/www.museocaraffa.org.ar\/blogcentenario\/wp-content\/uploads\/2015\/02\/caratula-100-a\u00f1os.jpg\" alt=\"caratula 100 a\u00f1os\" width=\"738\" height=\"409\" srcset=\"http:\/\/www.museocaraffa.org.ar\/blogcentenario\/wp-content\/uploads\/2015\/02\/caratula-100-a\u00f1os.jpg 738w, http:\/\/www.museocaraffa.org.ar\/blogcentenario\/wp-content\/uploads\/2015\/02\/caratula-100-a\u00f1os-470x260.jpg 470w\" sizes=\"(max-width: 738px) 100vw, 738px\" \/><\/a><\/p>\n<h5 style=\"text-align: justify;\"><span style=\"color: #000000;\"><strong>Museo Caraffa &#8211; 100 A\u00f1os. Notas desplegables<\/strong><\/span><\/h5>\n<p style=\"text-align: justify;\"><span style=\"color: #333333;\">En diciembre de 2014 el Museo Caraffa cumple su centenario. La ocasi\u00f3n corresponde al acontecimiento que ha sido considerado como su hito fundacional: la inauguraci\u00f3n de las Salas de Pintura del Museo Provincial, concretada el 5 de diciembre de 1914.<\/span><br \/>\n<span style=\"color: #333333;\"> Abriendo la agenda de actividades asociadas a este aniversario, el museo inaugur\u00f3 en marzo de 2014 la exposici\u00f3n \u00ab<strong>Museo Caraffa &#8211; 100 A\u00f1os. Notas desplegables<\/strong>\u00ab, proponi\u00e9ndose explorar a trav\u00e9s de una l\u00ednea de tiempo, el complejo proceso institucional que, desde aquel remoto acontecimiento de 1914, nos acerca al espacio que hoy conocemos como \u00abMuseo Provincial de Bellas Artes Emilio Caraffa\u00bb. La operaci\u00f3n supone una selecci\u00f3n de hechos, momentos y figuras clave, materializada en una comprimida s\u00edntesis gr\u00e1fica que no puede ser abordada sino asumiendo la inevitable parcialidad que la empresa representa. Resulta claro que las distinciones entre lo relevante y lo anecd\u00f3tico, lo memorable y lo prescindible, dependen siempre de la escala y el lugar de observaci\u00f3n, por lo que la intenci\u00f3n de estas \u00abnotas\u00bb no es m\u00e1s que ofrecer un punto de partida para pensar al museo desde otras posibles perspectivas.<\/span><br \/>\n<span style=\"color: #333333;\">En este sentido, la exhibici\u00f3n representa un espacio de trabajo abierto, que permite continuar explorando, ampliando, revisando, contrastantando ciertas cuestiones relegadas o, apenas esbozadas en ella. Entre los proyectos orientados en esta direcci\u00f3n, ha dado lugar a una serie de entrevistas (que se presentan parcialmente en la sala de exhibici\u00f3n), como as\u00ed tambi\u00e9n a un recurso virtual como este blog, que introducen la posibilidad de ciertos intercambios con quienes frecuentan el museo y se encuentran as\u00ed, de una u otra forma, ligados a su historia; y tambi\u00e9n con aquellos que tal vez se acercar\u00e1n a \u00e9l por primera vez.<\/span><\/p>\n<div id=\"attachment_1964\" style=\"width: 210px\" class=\"wp-caption alignnone\"><a href=\"http:\/\/www.museocaraffa.org.ar\/blogcentenario\/wp-content\/uploads\/2015\/03\/notas-desplegables-Museo-Caraffa100-A%C3%91OS.pdf\"><img aria-describedby=\"caption-attachment-1964\" loading=\"lazy\" class=\"wp-image-1964\" src=\"http:\/\/www.museocaraffa.org.ar\/blogcentenario\/wp-content\/uploads\/2015\/03\/Tapa-notas-desplegables.png\" alt=\"Tapa notas desplegables\" width=\"200\" height=\"211\" srcset=\"http:\/\/www.museocaraffa.org.ar\/blogcentenario\/wp-content\/uploads\/2015\/03\/Tapa-notas-desplegables.png 510w, http:\/\/www.museocaraffa.org.ar\/blogcentenario\/wp-content\/uploads\/2015\/03\/Tapa-notas-desplegables-428x450.png 428w\" sizes=\"(max-width: 200px) 100vw, 200px\" \/><\/a><p id=\"caption-attachment-1964\" class=\"wp-caption-text\">pieza gr\u00e1fica asociada a la exposici\u00f3n<\/p><\/div>\n<hr \/>\n<p>Fecha de la exposici\u00f3n: 13\/03\/2014<br \/>\nSalas: 4<br \/>\nCuradur\u00eda: \u00c1rea Colecci\u00f3n \u2013 Museo Caraffa<\/p>\n<hr \/>\n<p><div class=\"foogallery foogallery-container foogallery-image-viewer foogallery-link-image foogallery-lightbox-unknown fg-left fg-image-viewer fg-light fg-border-thin fg-shadow-outline fg-loading-default fg-loaded-fade-in fg-caption-always fg-hover-fade fg-hover-zoom fg-ready\" id=\"foogallery-gallery-1962\" data-foogallery=\"{&quot;item&quot;:{&quot;showCaptionTitle&quot;:true,&quot;showCaptionDescription&quot;:true},&quot;lazy&quot;:true,&quot;template&quot;:{&quot;loop&quot;:true}}\" >\r\n\t<div class=\"fiv-inner\">\r\n\t\t<div class=\"fiv-inner-container\">\r\n\t\t\t<div class=\"fg-item fg-type-image fg-idle\"><figure class=\"fg-item-inner\"><a href=\"http:\/\/www.museocaraffa.org.ar\/blogcentenario\/wp-content\/uploads\/2016\/04\/sala-4_2.jpg\" data-attachment-id=\"2026\" class=\"fg-thumb\"><span class=\"fg-image-wrap\"><img width=\"821\" height=\"635\" class=\"skip-lazy fg-image\" data-src-fg=\"http:\/\/www.museocaraffa.org.ar\/blogcentenario\/wp-content\/uploads\/2016\/04\/sala-4_2.jpg\" src=\"data:image\/svg+xml,%3Csvg%20xmlns%3D%22http%3A%2F%2Fwww.w3.org%2F2000%2Fsvg%22%20width%3D%22821%22%20height%3D%22635%22%20viewBox%3D%220%200%20821%20635%22%3E%3C%2Fsvg%3E\" \/><\/span><span class=\"fg-image-overlay\"><\/span><\/a><figcaption class=\"fg-caption\"><div class=\"fg-caption-inner\"><\/div><\/figcaption><\/figure><div class=\"fg-loader\"><\/div><\/div><div class=\"fg-item fg-type-image fg-idle\"><figure class=\"fg-item-inner\"><a href=\"http:\/\/www.museocaraffa.org.ar\/blogcentenario\/wp-content\/uploads\/2015\/03\/MC100_1.jpg\" data-attachment-id=\"1959\" class=\"fg-thumb\"><span class=\"fg-image-wrap\"><img width=\"821\" height=\"635\" class=\"skip-lazy fg-image\" data-src-fg=\"http:\/\/www.museocaraffa.org.ar\/blogcentenario\/wp-content\/uploads\/cache\/2015\/03\/MC100_1\/1921188737.jpg\" src=\"data:image\/svg+xml,%3Csvg%20xmlns%3D%22http%3A%2F%2Fwww.w3.org%2F2000%2Fsvg%22%20width%3D%22821%22%20height%3D%22635%22%20viewBox%3D%220%200%20821%20635%22%3E%3C%2Fsvg%3E\" \/><\/span><span class=\"fg-image-overlay\"><\/span><\/a><figcaption class=\"fg-caption\"><div class=\"fg-caption-inner\"><\/div><\/figcaption><\/figure><div class=\"fg-loader\"><\/div><\/div><div class=\"fg-item fg-type-image fg-idle\"><figure class=\"fg-item-inner\"><a href=\"http:\/\/www.museocaraffa.org.ar\/blogcentenario\/wp-content\/uploads\/2015\/03\/MC100_3.jpg\" data-attachment-id=\"1960\" class=\"fg-thumb\"><span class=\"fg-image-wrap\"><img width=\"821\" height=\"635\" class=\"skip-lazy fg-image\" data-src-fg=\"http:\/\/www.museocaraffa.org.ar\/blogcentenario\/wp-content\/uploads\/cache\/2015\/03\/MC100_3\/2075870833.jpg\" src=\"data:image\/svg+xml,%3Csvg%20xmlns%3D%22http%3A%2F%2Fwww.w3.org%2F2000%2Fsvg%22%20width%3D%22821%22%20height%3D%22635%22%20viewBox%3D%220%200%20821%20635%22%3E%3C%2Fsvg%3E\" \/><\/span><span class=\"fg-image-overlay\"><\/span><\/a><figcaption class=\"fg-caption\"><div class=\"fg-caption-inner\"><\/div><\/figcaption><\/figure><div class=\"fg-loader\"><\/div><\/div><div class=\"fg-item fg-type-image fg-idle\"><figure class=\"fg-item-inner\"><a href=\"http:\/\/www.museocaraffa.org.ar\/blogcentenario\/wp-content\/uploads\/2016\/04\/vista-gral-18.jpg\" data-attachment-id=\"1913\" class=\"fg-thumb\"><span class=\"fg-image-wrap\"><img width=\"821\" height=\"635\" class=\"skip-lazy fg-image\" data-src-fg=\"http:\/\/www.museocaraffa.org.ar\/blogcentenario\/wp-content\/uploads\/2016\/04\/vista-gral-18.jpg\" src=\"data:image\/svg+xml,%3Csvg%20xmlns%3D%22http%3A%2F%2Fwww.w3.org%2F2000%2Fsvg%22%20width%3D%22821%22%20height%3D%22635%22%20viewBox%3D%220%200%20821%20635%22%3E%3C%2Fsvg%3E\" \/><\/span><span class=\"fg-image-overlay\"><\/span><\/a><figcaption class=\"fg-caption\"><div class=\"fg-caption-inner\"><\/div><\/figcaption><\/figure><div class=\"fg-loader\"><\/div><\/div><div class=\"fg-item fg-type-image fg-idle\"><figure class=\"fg-item-inner\"><a href=\"http:\/\/www.museocaraffa.org.ar\/blogcentenario\/wp-content\/uploads\/2015\/03\/MC100_4.jpg\" data-attachment-id=\"1961\" class=\"fg-thumb\"><span class=\"fg-image-wrap\"><img width=\"821\" height=\"635\" class=\"skip-lazy fg-image\" data-src-fg=\"http:\/\/www.museocaraffa.org.ar\/blogcentenario\/wp-content\/uploads\/cache\/2015\/03\/MC100_4\/2224735213.jpg\" src=\"data:image\/svg+xml,%3Csvg%20xmlns%3D%22http%3A%2F%2Fwww.w3.org%2F2000%2Fsvg%22%20width%3D%22821%22%20height%3D%22635%22%20viewBox%3D%220%200%20821%20635%22%3E%3C%2Fsvg%3E\" \/><\/span><span class=\"fg-image-overlay\"><\/span><\/a><figcaption class=\"fg-caption\"><div class=\"fg-caption-inner\"><\/div><\/figcaption><\/figure><div class=\"fg-loader\"><\/div><\/div><div class=\"fg-item fg-type-image fg-idle\"><figure class=\"fg-item-inner\"><a href=\"http:\/\/www.museocaraffa.org.ar\/blogcentenario\/wp-content\/uploads\/2016\/04\/vista-gral-44.jpg\" data-attachment-id=\"1979\" class=\"fg-thumb\"><span class=\"fg-image-wrap\"><img width=\"821\" height=\"635\" class=\"skip-lazy fg-image\" data-src-fg=\"http:\/\/www.museocaraffa.org.ar\/blogcentenario\/wp-content\/uploads\/2016\/04\/vista-gral-44.jpg\" src=\"data:image\/svg+xml,%3Csvg%20xmlns%3D%22http%3A%2F%2Fwww.w3.org%2F2000%2Fsvg%22%20width%3D%22821%22%20height%3D%22635%22%20viewBox%3D%220%200%20821%20635%22%3E%3C%2Fsvg%3E\" \/><\/span><span class=\"fg-image-overlay\"><\/span><\/a><figcaption class=\"fg-caption\"><div class=\"fg-caption-inner\"><\/div><\/figcaption><\/figure><div class=\"fg-loader\"><\/div><\/div><div class=\"fg-item fg-type-image fg-idle\"><figure class=\"fg-item-inner\"><a href=\"http:\/\/www.museocaraffa.org.ar\/blogcentenario\/wp-content\/uploads\/2016\/04\/vista-gral-42.jpg\" data-attachment-id=\"1977\" class=\"fg-thumb\"><span class=\"fg-image-wrap\"><img width=\"821\" height=\"635\" class=\"skip-lazy fg-image\" data-src-fg=\"http:\/\/www.museocaraffa.org.ar\/blogcentenario\/wp-content\/uploads\/2016\/04\/vista-gral-42.jpg\" src=\"data:image\/svg+xml,%3Csvg%20xmlns%3D%22http%3A%2F%2Fwww.w3.org%2F2000%2Fsvg%22%20width%3D%22821%22%20height%3D%22635%22%20viewBox%3D%220%200%20821%20635%22%3E%3C%2Fsvg%3E\" \/><\/span><span class=\"fg-image-overlay\"><\/span><\/a><figcaption class=\"fg-caption\"><div class=\"fg-caption-inner\"><\/div><\/figcaption><\/figure><div class=\"fg-loader\"><\/div><\/div><div class=\"fg-item fg-type-image fg-idle\"><figure class=\"fg-item-inner\"><a href=\"http:\/\/www.museocaraffa.org.ar\/blogcentenario\/wp-content\/uploads\/2016\/04\/vista-gral-45.jpg\" data-attachment-id=\"1980\" class=\"fg-thumb\"><span class=\"fg-image-wrap\"><img width=\"821\" height=\"635\" class=\"skip-lazy fg-image\" data-src-fg=\"http:\/\/www.museocaraffa.org.ar\/blogcentenario\/wp-content\/uploads\/2016\/04\/vista-gral-45.jpg\" src=\"data:image\/svg+xml,%3Csvg%20xmlns%3D%22http%3A%2F%2Fwww.w3.org%2F2000%2Fsvg%22%20width%3D%22821%22%20height%3D%22635%22%20viewBox%3D%220%200%20821%20635%22%3E%3C%2Fsvg%3E\" \/><\/span><span class=\"fg-image-overlay\"><\/span><\/a><figcaption class=\"fg-caption\"><div class=\"fg-caption-inner\"><\/div><\/figcaption><\/figure><div class=\"fg-loader\"><\/div><\/div>\t\t<\/div>\r\n\t\t<div class=\"fiv-ctrls\">\r\n\t\t\t<div class=\"fiv-prev\"><span>Anterior<\/span><\/div>\r\n\t\t\t<label class=\"fiv-count\"><span class=\"fiv-count-current\">1<\/span>de<span class=\"fiv-count-total\">8<\/span><\/label>\r\n\t\t\t<div class=\"fiv-next\"><span>Siguiente<\/span><\/div>\r\n\t\t<\/div>\r\n\t<\/div>\r\n<\/div><br \/>\n(vistas de sala de la exposici\u00f3n)<\/p>\n<hr \/>\n<h5 style=\"text-align: justify;\"><\/h5>\n<h5 style=\"text-align: justify;\"><span style=\"color: #000000;\"><strong>Intervalos. Museo Caraffa &#8211; 100 A\u00f1os<\/strong><\/span><\/h5>\n<p style=\"text-align: justify;\">\u00ab<strong>Intervalos. Museo Caraffa &#8211; 100 A\u00f1os<\/strong>\u00bb se suma a la agenda aniversario del museo con una propuesta complementaria de la exhibici\u00f3n presentada previamente en sala 4 (\u00abMuseo Caraffa &#8211; 100 A\u00f1os &#8211; Notas desplegables\u00bb), inaugurada en marzo de 2014. En este caso la exposici\u00f3n ha sido abordada desde una perspectiva diferente y su desarrollo se apoya, no ya en una estructura lineal, propia de la cronolog\u00eda, sino en n\u00facleos conceptuales, que remiten a tres aspectos clave del museo: colecci\u00f3n &#8211; arquitectura &#8211; p\u00fablico. Cada uno de estos centros conceptuales ha permitido aglutinar una serie de ideas e im\u00e1genes, concentrando (y expandiendo) reflexiones sobre el museo. As\u00ed, \u00abcolecci\u00f3n\u00bb convoca cuestiones relativas a la conformaci\u00f3n del acervo, a ciertas particularidades de su perfil, a las asociaciones entre obra y obra, a aspectos relativos a la conservaci\u00f3n, etc. \u00abArquitectura\u00bb en tanto, da pie a la observaci\u00f3n del museo como espacio f\u00edsico (contenedor, pero tambi\u00e9n contenido), a sus sucesivas transformaciones, vinculadas al espacio-ciudad. La noci\u00f3n de \u00abP\u00fablico\u00bb apunta a una consideraci\u00f3n del aspecto m\u00e1s din\u00e1mico del museo que supone diversas formas de contacto con sus visitantes: las exposiciones, las visiones del museo construidas desde la mirada externa, el contacto con las obras. Este nuevo acercamiento al museo como objeto de reflexi\u00f3n, que dialoga tambi\u00e9n con el soporte virtual puesto en l\u00ednea en julio de este a\u00f1o (<a href=\"http:\/\/www.museocaraffa.org.ar\/blogcentenario\" target=\"_blank\" rel=\"noopener\">www.museocaraffa.org.ar\/<wbr \/>blogcentenario<\/a>), se encuentra en sinton\u00eda con la t\u00f3nica general dada a la conmemoraci\u00f3n del centenario, sobre la base de un cruce entre el trabajo de documentaci\u00f3n, conservaci\u00f3n, investigaci\u00f3n y el programa de exposiciones del museo. Si se asume que el Museo Caraffa ha llegado a ser un componente indisolublemente ligado a la escena art\u00edstica de C\u00f3rdoba, estas propuestas articuladas representan, m\u00e1s all\u00e1 de la ocasi\u00f3n de renovar el ejercicio cr\u00edtico de la instituci\u00f3n sobre s\u00ed misma, un intento de aportar, en alguna medida, a la comprensi\u00f3n m\u00e1s cabal de esa escena.<\/p>\n<div id=\"attachment_1968\" style=\"width: 210px\" class=\"wp-caption alignnone\"><a href=\"http:\/\/www.museocaraffa.org.ar\/blogcentenario\/wp-content\/uploads\/2015\/03\/intervalos-Triptico-100-A%C3%91OS-final.pdf\"><img aria-describedby=\"caption-attachment-1968\" loading=\"lazy\" class=\"wp-image-1968\" src=\"http:\/\/www.museocaraffa.org.ar\/blogcentenario\/wp-content\/uploads\/2015\/03\/Tapa-intervalos.png\" alt=\"Tapa intervalos\" width=\"200\" height=\"200\" srcset=\"http:\/\/www.museocaraffa.org.ar\/blogcentenario\/wp-content\/uploads\/2015\/03\/Tapa-intervalos.png 482w, http:\/\/www.museocaraffa.org.ar\/blogcentenario\/wp-content\/uploads\/2015\/03\/Tapa-intervalos-449x450.png 449w\" sizes=\"(max-width: 200px) 100vw, 200px\" \/><\/a><p id=\"caption-attachment-1968\" class=\"wp-caption-text\">pieza gr\u00e1fica asociada a la exposici\u00f3n<\/p><\/div>\n<hr \/>\n<p>Fecha de la exposici\u00f3n: 11\/12\/2014 al\u00a0 &#8211; 07\/05\/2015<br \/>\nSalas: 1<br \/>\nCuradur\u00eda: \u00c1rea Colecci\u00f3n \u2013 Museo Caraffa<\/p>\n<hr \/>\n<div class=\"foogallery foogallery-container foogallery-image-viewer foogallery-link-image foogallery-lightbox-unknown fg-center fg-image-viewer fg-light fg-border-thin fg-shadow-outline fg-loading-default fg-loaded-fade-in fg-caption-always fg-hover-fade fg-hover-zoom fg-ready\" id=\"foogallery-gallery-1970\" data-foogallery=\"{&quot;item&quot;:{&quot;showCaptionTitle&quot;:true,&quot;showCaptionDescription&quot;:true},&quot;lazy&quot;:true,&quot;template&quot;:{&quot;loop&quot;:true}}\" >\r\n\t<div class=\"fiv-inner\">\r\n\t\t<div class=\"fiv-inner-container\">\r\n\t\t\t<div class=\"fg-item fg-type-image fg-idle\"><figure class=\"fg-item-inner\"><a href=\"http:\/\/www.museocaraffa.org.ar\/blogcentenario\/wp-content\/uploads\/2016\/04\/cartel-ext_8.jpg\" data-attachment-id=\"1985\" class=\"fg-thumb\"><span class=\"fg-image-wrap\"><img width=\"640\" height=\"360\" class=\"skip-lazy fg-image\" data-src-fg=\"http:\/\/www.museocaraffa.org.ar\/blogcentenario\/wp-content\/uploads\/cache\/2016\/04\/cartel-ext_8\/665941433.jpg\" src=\"data:image\/svg+xml,%3Csvg%20xmlns%3D%22http%3A%2F%2Fwww.w3.org%2F2000%2Fsvg%22%20width%3D%22640%22%20height%3D%22360%22%20viewBox%3D%220%200%20640%20360%22%3E%3C%2Fsvg%3E\" \/><\/span><span class=\"fg-image-overlay\"><\/span><\/a><figcaption class=\"fg-caption\"><div class=\"fg-caption-inner\"><\/div><\/figcaption><\/figure><div class=\"fg-loader\"><\/div><\/div><div class=\"fg-item fg-type-image fg-idle\"><figure class=\"fg-item-inner\"><a href=\"http:\/\/www.museocaraffa.org.ar\/blogcentenario\/wp-content\/uploads\/2016\/04\/vista-gral-14.jpg\" data-attachment-id=\"1996\" class=\"fg-thumb\"><span class=\"fg-image-wrap\"><img width=\"640\" height=\"360\" class=\"skip-lazy fg-image\" data-src-fg=\"http:\/\/www.museocaraffa.org.ar\/blogcentenario\/wp-content\/uploads\/cache\/2016\/04\/vista-gral-14\/1975741089.jpg\" src=\"data:image\/svg+xml,%3Csvg%20xmlns%3D%22http%3A%2F%2Fwww.w3.org%2F2000%2Fsvg%22%20width%3D%22640%22%20height%3D%22360%22%20viewBox%3D%220%200%20640%20360%22%3E%3C%2Fsvg%3E\" \/><\/span><span class=\"fg-image-overlay\"><\/span><\/a><figcaption class=\"fg-caption\"><div class=\"fg-caption-inner\"><\/div><\/figcaption><\/figure><div class=\"fg-loader\"><\/div><\/div><div class=\"fg-item fg-type-image fg-idle\"><figure class=\"fg-item-inner\"><a href=\"http:\/\/www.museocaraffa.org.ar\/blogcentenario\/wp-content\/uploads\/2016\/04\/Hall-Sala-1_3.jpg\" data-attachment-id=\"1986\" class=\"fg-thumb\"><span class=\"fg-image-wrap\"><img width=\"640\" height=\"360\" class=\"skip-lazy fg-image\" data-src-fg=\"http:\/\/www.museocaraffa.org.ar\/blogcentenario\/wp-content\/uploads\/cache\/2016\/04\/Hall-Sala-1_3\/166563283.jpg\" src=\"data:image\/svg+xml,%3Csvg%20xmlns%3D%22http%3A%2F%2Fwww.w3.org%2F2000%2Fsvg%22%20width%3D%22640%22%20height%3D%22360%22%20viewBox%3D%220%200%20640%20360%22%3E%3C%2Fsvg%3E\" \/><\/span><span class=\"fg-image-overlay\"><\/span><\/a><figcaption class=\"fg-caption\"><div class=\"fg-caption-inner\"><\/div><\/figcaption><\/figure><div class=\"fg-loader\"><\/div><\/div><div class=\"fg-item fg-type-image fg-idle\"><figure class=\"fg-item-inner\"><a href=\"http:\/\/www.museocaraffa.org.ar\/blogcentenario\/wp-content\/uploads\/2016\/04\/vista-gral-37.jpg\" data-attachment-id=\"2020\" class=\"fg-thumb\"><span class=\"fg-image-wrap\"><img width=\"640\" height=\"360\" class=\"skip-lazy fg-image\" data-src-fg=\"http:\/\/www.museocaraffa.org.ar\/blogcentenario\/wp-content\/uploads\/cache\/2016\/04\/vista-gral-37\/577524425.jpg\" src=\"data:image\/svg+xml,%3Csvg%20xmlns%3D%22http%3A%2F%2Fwww.w3.org%2F2000%2Fsvg%22%20width%3D%22640%22%20height%3D%22360%22%20viewBox%3D%220%200%20640%20360%22%3E%3C%2Fsvg%3E\" \/><\/span><span class=\"fg-image-overlay\"><\/span><\/a><figcaption class=\"fg-caption\"><div class=\"fg-caption-inner\"><\/div><\/figcaption><\/figure><div class=\"fg-loader\"><\/div><\/div><div class=\"fg-item fg-type-image fg-idle\"><figure class=\"fg-item-inner\"><a href=\"http:\/\/www.museocaraffa.org.ar\/blogcentenario\/wp-content\/uploads\/2016\/04\/vista-gral-2.jpg\" data-attachment-id=\"1988\" class=\"fg-thumb\"><span class=\"fg-image-wrap\"><img width=\"640\" height=\"360\" class=\"skip-lazy fg-image\" data-src-fg=\"http:\/\/www.museocaraffa.org.ar\/blogcentenario\/wp-content\/uploads\/cache\/2016\/04\/vista-gral-2\/788988364.jpg\" src=\"data:image\/svg+xml,%3Csvg%20xmlns%3D%22http%3A%2F%2Fwww.w3.org%2F2000%2Fsvg%22%20width%3D%22640%22%20height%3D%22360%22%20viewBox%3D%220%200%20640%20360%22%3E%3C%2Fsvg%3E\" \/><\/span><span class=\"fg-image-overlay\"><\/span><\/a><figcaption class=\"fg-caption\"><div class=\"fg-caption-inner\"><\/div><\/figcaption><\/figure><div class=\"fg-loader\"><\/div><\/div><div class=\"fg-item fg-type-image fg-idle\"><figure class=\"fg-item-inner\"><a href=\"http:\/\/www.museocaraffa.org.ar\/blogcentenario\/wp-content\/uploads\/2016\/04\/vista-gral-35.jpg\" data-attachment-id=\"2019\" class=\"fg-thumb\"><span class=\"fg-image-wrap\"><img width=\"640\" height=\"360\" class=\"skip-lazy fg-image\" data-src-fg=\"http:\/\/www.museocaraffa.org.ar\/blogcentenario\/wp-content\/uploads\/cache\/2016\/04\/vista-gral-35\/1055438072.jpg\" src=\"data:image\/svg+xml,%3Csvg%20xmlns%3D%22http%3A%2F%2Fwww.w3.org%2F2000%2Fsvg%22%20width%3D%22640%22%20height%3D%22360%22%20viewBox%3D%220%200%20640%20360%22%3E%3C%2Fsvg%3E\" \/><\/span><span class=\"fg-image-overlay\"><\/span><\/a><figcaption class=\"fg-caption\"><div class=\"fg-caption-inner\"><\/div><\/figcaption><\/figure><div class=\"fg-loader\"><\/div><\/div><div class=\"fg-item fg-type-image fg-idle\"><figure class=\"fg-item-inner\"><a href=\"http:\/\/www.museocaraffa.org.ar\/blogcentenario\/wp-content\/uploads\/2016\/04\/vista-gral-38.jpg\" data-attachment-id=\"2021\" class=\"fg-thumb\"><span class=\"fg-image-wrap\"><img width=\"640\" height=\"360\" class=\"skip-lazy fg-image\" data-src-fg=\"http:\/\/www.museocaraffa.org.ar\/blogcentenario\/wp-content\/uploads\/cache\/2016\/04\/vista-gral-38\/724959177.jpg\" src=\"data:image\/svg+xml,%3Csvg%20xmlns%3D%22http%3A%2F%2Fwww.w3.org%2F2000%2Fsvg%22%20width%3D%22640%22%20height%3D%22360%22%20viewBox%3D%220%200%20640%20360%22%3E%3C%2Fsvg%3E\" \/><\/span><span class=\"fg-image-overlay\"><\/span><\/a><figcaption class=\"fg-caption\"><div class=\"fg-caption-inner\"><\/div><\/figcaption><\/figure><div class=\"fg-loader\"><\/div><\/div><div class=\"fg-item fg-type-image fg-idle\"><figure class=\"fg-item-inner\"><a href=\"http:\/\/www.museocaraffa.org.ar\/blogcentenario\/wp-content\/uploads\/2016\/04\/vista-gral-32.jpg\" data-attachment-id=\"2016\" class=\"fg-thumb\"><span class=\"fg-image-wrap\"><img width=\"640\" height=\"360\" class=\"skip-lazy fg-image\" data-src-fg=\"http:\/\/www.museocaraffa.org.ar\/blogcentenario\/wp-content\/uploads\/cache\/2016\/04\/vista-gral-32\/1571449667.jpg\" src=\"data:image\/svg+xml,%3Csvg%20xmlns%3D%22http%3A%2F%2Fwww.w3.org%2F2000%2Fsvg%22%20width%3D%22640%22%20height%3D%22360%22%20viewBox%3D%220%200%20640%20360%22%3E%3C%2Fsvg%3E\" \/><\/span><span class=\"fg-image-overlay\"><\/span><\/a><figcaption class=\"fg-caption\"><div class=\"fg-caption-inner\"><\/div><\/figcaption><\/figure><div class=\"fg-loader\"><\/div><\/div><div class=\"fg-item fg-type-image fg-idle\"><figure class=\"fg-item-inner\"><a href=\"http:\/\/www.museocaraffa.org.ar\/blogcentenario\/wp-content\/uploads\/2016\/04\/vista-gral-4.jpg\" data-attachment-id=\"1990\" class=\"fg-thumb\"><span class=\"fg-image-wrap\"><img width=\"640\" height=\"360\" class=\"skip-lazy fg-image\" data-src-fg=\"http:\/\/www.museocaraffa.org.ar\/blogcentenario\/wp-content\/uploads\/cache\/2016\/04\/vista-gral-4\/4099631311.jpg\" src=\"data:image\/svg+xml,%3Csvg%20xmlns%3D%22http%3A%2F%2Fwww.w3.org%2F2000%2Fsvg%22%20width%3D%22640%22%20height%3D%22360%22%20viewBox%3D%220%200%20640%20360%22%3E%3C%2Fsvg%3E\" \/><\/span><span class=\"fg-image-overlay\"><\/span><\/a><figcaption class=\"fg-caption\"><div class=\"fg-caption-inner\"><\/div><\/figcaption><\/figure><div class=\"fg-loader\"><\/div><\/div><div class=\"fg-item fg-type-image fg-idle\"><figure class=\"fg-item-inner\"><a href=\"http:\/\/www.museocaraffa.org.ar\/blogcentenario\/wp-content\/uploads\/2016\/04\/vista-gral-1.jpg\" data-attachment-id=\"1987\" class=\"fg-thumb\"><span class=\"fg-image-wrap\"><img width=\"640\" height=\"360\" class=\"skip-lazy fg-image\" data-src-fg=\"http:\/\/www.museocaraffa.org.ar\/blogcentenario\/wp-content\/uploads\/cache\/2016\/04\/vista-gral-1\/547117756.jpg\" src=\"data:image\/svg+xml,%3Csvg%20xmlns%3D%22http%3A%2F%2Fwww.w3.org%2F2000%2Fsvg%22%20width%3D%22640%22%20height%3D%22360%22%20viewBox%3D%220%200%20640%20360%22%3E%3C%2Fsvg%3E\" \/><\/span><span class=\"fg-image-overlay\"><\/span><\/a><figcaption class=\"fg-caption\"><div class=\"fg-caption-inner\"><\/div><\/figcaption><\/figure><div class=\"fg-loader\"><\/div><\/div><div class=\"fg-item fg-type-image fg-idle\"><figure class=\"fg-item-inner\"><a href=\"http:\/\/www.museocaraffa.org.ar\/blogcentenario\/wp-content\/uploads\/2016\/04\/vista-gral-27.jpg\" data-attachment-id=\"2004\" class=\"fg-thumb\"><span class=\"fg-image-wrap\"><img width=\"640\" height=\"360\" class=\"skip-lazy fg-image\" data-src-fg=\"http:\/\/www.museocaraffa.org.ar\/blogcentenario\/wp-content\/uploads\/cache\/2016\/04\/vista-gral-27\/2785254913.jpg\" src=\"data:image\/svg+xml,%3Csvg%20xmlns%3D%22http%3A%2F%2Fwww.w3.org%2F2000%2Fsvg%22%20width%3D%22640%22%20height%3D%22360%22%20viewBox%3D%220%200%20640%20360%22%3E%3C%2Fsvg%3E\" \/><\/span><span class=\"fg-image-overlay\"><\/span><\/a><figcaption class=\"fg-caption\"><div class=\"fg-caption-inner\"><\/div><\/figcaption><\/figure><div class=\"fg-loader\"><\/div><\/div><div class=\"fg-item fg-type-image fg-idle\"><figure class=\"fg-item-inner\"><a href=\"http:\/\/www.museocaraffa.org.ar\/blogcentenario\/wp-content\/uploads\/2016\/04\/vista-gral-3.jpg\" data-attachment-id=\"1989\" class=\"fg-thumb\"><span class=\"fg-image-wrap\"><img width=\"640\" height=\"360\" class=\"skip-lazy fg-image\" data-src-fg=\"http:\/\/www.museocaraffa.org.ar\/blogcentenario\/wp-content\/uploads\/cache\/2016\/04\/vista-gral-3\/4194589367.jpg\" src=\"data:image\/svg+xml,%3Csvg%20xmlns%3D%22http%3A%2F%2Fwww.w3.org%2F2000%2Fsvg%22%20width%3D%22640%22%20height%3D%22360%22%20viewBox%3D%220%200%20640%20360%22%3E%3C%2Fsvg%3E\" \/><\/span><span class=\"fg-image-overlay\"><\/span><\/a><figcaption class=\"fg-caption\"><div class=\"fg-caption-inner\"><\/div><\/figcaption><\/figure><div class=\"fg-loader\"><\/div><\/div><div class=\"fg-item fg-type-image fg-idle\"><figure class=\"fg-item-inner\"><a href=\"http:\/\/www.museocaraffa.org.ar\/blogcentenario\/wp-content\/uploads\/2016\/04\/vista-gral-23.jpg\" data-attachment-id=\"2000\" class=\"fg-thumb\"><span class=\"fg-image-wrap\"><img width=\"640\" height=\"360\" class=\"skip-lazy fg-image\" data-src-fg=\"http:\/\/www.museocaraffa.org.ar\/blogcentenario\/wp-content\/uploads\/cache\/2016\/04\/vista-gral-23\/3578618569.jpg\" src=\"data:image\/svg+xml,%3Csvg%20xmlns%3D%22http%3A%2F%2Fwww.w3.org%2F2000%2Fsvg%22%20width%3D%22640%22%20height%3D%22360%22%20viewBox%3D%220%200%20640%20360%22%3E%3C%2Fsvg%3E\" \/><\/span><span class=\"fg-image-overlay\"><\/span><\/a><figcaption class=\"fg-caption\"><div class=\"fg-caption-inner\"><\/div><\/figcaption><\/figure><div class=\"fg-loader\"><\/div><\/div><div class=\"fg-item fg-type-image fg-idle\"><figure class=\"fg-item-inner\"><a href=\"http:\/\/www.museocaraffa.org.ar\/blogcentenario\/wp-content\/uploads\/2016\/04\/vista-gral-34.jpg\" data-attachment-id=\"2018\" class=\"fg-thumb\"><span class=\"fg-image-wrap\"><img width=\"640\" height=\"360\" class=\"skip-lazy fg-image\" data-src-fg=\"http:\/\/www.museocaraffa.org.ar\/blogcentenario\/wp-content\/uploads\/cache\/2016\/04\/vista-gral-34\/574294986.jpg\" src=\"data:image\/svg+xml,%3Csvg%20xmlns%3D%22http%3A%2F%2Fwww.w3.org%2F2000%2Fsvg%22%20width%3D%22640%22%20height%3D%22360%22%20viewBox%3D%220%200%20640%20360%22%3E%3C%2Fsvg%3E\" \/><\/span><span class=\"fg-image-overlay\"><\/span><\/a><figcaption class=\"fg-caption\"><div class=\"fg-caption-inner\"><\/div><\/figcaption><\/figure><div class=\"fg-loader\"><\/div><\/div><div class=\"fg-item fg-type-image fg-idle\"><figure class=\"fg-item-inner\"><a href=\"http:\/\/www.museocaraffa.org.ar\/blogcentenario\/wp-content\/uploads\/2016\/04\/vista-gral-33.jpg\" data-attachment-id=\"2017\" class=\"fg-thumb\"><span class=\"fg-image-wrap\"><img width=\"640\" height=\"360\" class=\"skip-lazy fg-image\" data-src-fg=\"http:\/\/www.museocaraffa.org.ar\/blogcentenario\/wp-content\/uploads\/cache\/2016\/04\/vista-gral-33\/1098503281.jpg\" src=\"data:image\/svg+xml,%3Csvg%20xmlns%3D%22http%3A%2F%2Fwww.w3.org%2F2000%2Fsvg%22%20width%3D%22640%22%20height%3D%22360%22%20viewBox%3D%220%200%20640%20360%22%3E%3C%2Fsvg%3E\" \/><\/span><span class=\"fg-image-overlay\"><\/span><\/a><figcaption class=\"fg-caption\"><div class=\"fg-caption-inner\"><\/div><\/figcaption><\/figure><div class=\"fg-loader\"><\/div><\/div><div class=\"fg-item fg-type-image fg-idle\"><figure class=\"fg-item-inner\"><a href=\"http:\/\/www.museocaraffa.org.ar\/blogcentenario\/wp-content\/uploads\/2016\/04\/vista-gral-31.jpg\" data-attachment-id=\"2022\" class=\"fg-thumb\"><span class=\"fg-image-wrap\"><img width=\"640\" height=\"360\" class=\"skip-lazy fg-image\" data-src-fg=\"http:\/\/www.museocaraffa.org.ar\/blogcentenario\/wp-content\/uploads\/cache\/2016\/04\/vista-gral-31\/2676040279.jpg\" src=\"data:image\/svg+xml,%3Csvg%20xmlns%3D%22http%3A%2F%2Fwww.w3.org%2F2000%2Fsvg%22%20width%3D%22640%22%20height%3D%22360%22%20viewBox%3D%220%200%20640%20360%22%3E%3C%2Fsvg%3E\" \/><\/span><span class=\"fg-image-overlay\"><\/span><\/a><figcaption class=\"fg-caption\"><div class=\"fg-caption-inner\"><\/div><\/figcaption><\/figure><div class=\"fg-loader\"><\/div><\/div><div class=\"fg-item fg-type-image fg-idle\"><figure class=\"fg-item-inner\"><a href=\"http:\/\/www.museocaraffa.org.ar\/blogcentenario\/wp-content\/uploads\/2016\/04\/vista-gral-24.jpg\" data-attachment-id=\"2001\" class=\"fg-thumb\"><span class=\"fg-image-wrap\"><img width=\"640\" height=\"360\" class=\"skip-lazy fg-image\" data-src-fg=\"http:\/\/www.museocaraffa.org.ar\/blogcentenario\/wp-content\/uploads\/cache\/2016\/04\/vista-gral-24\/267506812.jpg\" src=\"data:image\/svg+xml,%3Csvg%20xmlns%3D%22http%3A%2F%2Fwww.w3.org%2F2000%2Fsvg%22%20width%3D%22640%22%20height%3D%22360%22%20viewBox%3D%220%200%20640%20360%22%3E%3C%2Fsvg%3E\" \/><\/span><span class=\"fg-image-overlay\"><\/span><\/a><figcaption class=\"fg-caption\"><div class=\"fg-caption-inner\"><\/div><\/figcaption><\/figure><div class=\"fg-loader\"><\/div><\/div><div class=\"fg-item fg-type-image fg-idle\"><figure class=\"fg-item-inner\"><a href=\"http:\/\/www.museocaraffa.org.ar\/blogcentenario\/wp-content\/uploads\/2016\/04\/vista-gral-25.jpg\" data-attachment-id=\"2002\" class=\"fg-thumb\"><span class=\"fg-image-wrap\"><img width=\"640\" height=\"360\" class=\"skip-lazy fg-image\" data-src-fg=\"http:\/\/www.museocaraffa.org.ar\/blogcentenario\/wp-content\/uploads\/cache\/2016\/04\/vista-gral-25\/1755320919.jpg\" src=\"data:image\/svg+xml,%3Csvg%20xmlns%3D%22http%3A%2F%2Fwww.w3.org%2F2000%2Fsvg%22%20width%3D%22640%22%20height%3D%22360%22%20viewBox%3D%220%200%20640%20360%22%3E%3C%2Fsvg%3E\" \/><\/span><span class=\"fg-image-overlay\"><\/span><\/a><figcaption class=\"fg-caption\"><div class=\"fg-caption-inner\"><\/div><\/figcaption><\/figure><div class=\"fg-loader\"><\/div><\/div><div class=\"fg-item fg-type-image fg-idle\"><figure class=\"fg-item-inner\"><a href=\"http:\/\/www.museocaraffa.org.ar\/blogcentenario\/wp-content\/uploads\/2016\/04\/vista-gral-41.jpg\" data-attachment-id=\"2009\" class=\"fg-thumb\"><span class=\"fg-image-wrap\"><img width=\"640\" height=\"360\" class=\"skip-lazy fg-image\" data-src-fg=\"http:\/\/www.museocaraffa.org.ar\/blogcentenario\/wp-content\/uploads\/cache\/2016\/04\/vista-gral-41\/24330679.jpg\" src=\"data:image\/svg+xml,%3Csvg%20xmlns%3D%22http%3A%2F%2Fwww.w3.org%2F2000%2Fsvg%22%20width%3D%22640%22%20height%3D%22360%22%20viewBox%3D%220%200%20640%20360%22%3E%3C%2Fsvg%3E\" \/><\/span><span class=\"fg-image-overlay\"><\/span><\/a><figcaption class=\"fg-caption\"><div class=\"fg-caption-inner\"><\/div><\/figcaption><\/figure><div class=\"fg-loader\"><\/div><\/div><div class=\"fg-item fg-type-image fg-idle\"><figure class=\"fg-item-inner\"><a href=\"http:\/\/www.museocaraffa.org.ar\/blogcentenario\/wp-content\/uploads\/2016\/04\/vista-gral-26.jpg\" data-attachment-id=\"2003\" class=\"fg-thumb\"><span class=\"fg-image-wrap\"><img width=\"640\" height=\"360\" class=\"skip-lazy fg-image\" data-src-fg=\"http:\/\/www.museocaraffa.org.ar\/blogcentenario\/wp-content\/uploads\/cache\/2016\/04\/vista-gral-26\/911649304.jpg\" src=\"data:image\/svg+xml,%3Csvg%20xmlns%3D%22http%3A%2F%2Fwww.w3.org%2F2000%2Fsvg%22%20width%3D%22640%22%20height%3D%22360%22%20viewBox%3D%220%200%20640%20360%22%3E%3C%2Fsvg%3E\" \/><\/span><span class=\"fg-image-overlay\"><\/span><\/a><figcaption class=\"fg-caption\"><div class=\"fg-caption-inner\"><\/div><\/figcaption><\/figure><div class=\"fg-loader\"><\/div><\/div><div class=\"fg-item fg-type-image fg-idle\"><figure class=\"fg-item-inner\"><a href=\"http:\/\/www.museocaraffa.org.ar\/blogcentenario\/wp-content\/uploads\/2016\/04\/vista-gral-21.jpg\" data-attachment-id=\"1998\" class=\"fg-thumb\"><span class=\"fg-image-wrap\"><img width=\"640\" height=\"360\" class=\"skip-lazy fg-image\" data-src-fg=\"http:\/\/www.museocaraffa.org.ar\/blogcentenario\/wp-content\/uploads\/cache\/2016\/04\/vista-gral-21\/3176149262.jpg\" src=\"data:image\/svg+xml,%3Csvg%20xmlns%3D%22http%3A%2F%2Fwww.w3.org%2F2000%2Fsvg%22%20width%3D%22640%22%20height%3D%22360%22%20viewBox%3D%220%200%20640%20360%22%3E%3C%2Fsvg%3E\" \/><\/span><span class=\"fg-image-overlay\"><\/span><\/a><figcaption class=\"fg-caption\"><div class=\"fg-caption-inner\"><\/div><\/figcaption><\/figure><div class=\"fg-loader\"><\/div><\/div><div class=\"fg-item fg-type-image fg-idle\"><figure class=\"fg-item-inner\"><a href=\"http:\/\/www.museocaraffa.org.ar\/blogcentenario\/wp-content\/uploads\/2016\/04\/vista-gral-40.jpg\" data-attachment-id=\"2008\" class=\"fg-thumb\"><span class=\"fg-image-wrap\"><img width=\"640\" height=\"360\" class=\"skip-lazy fg-image\" data-src-fg=\"http:\/\/www.museocaraffa.org.ar\/blogcentenario\/wp-content\/uploads\/cache\/2016\/04\/vista-gral-40\/497090181.jpg\" src=\"data:image\/svg+xml,%3Csvg%20xmlns%3D%22http%3A%2F%2Fwww.w3.org%2F2000%2Fsvg%22%20width%3D%22640%22%20height%3D%22360%22%20viewBox%3D%220%200%20640%20360%22%3E%3C%2Fsvg%3E\" \/><\/span><span class=\"fg-image-overlay\"><\/span><\/a><figcaption class=\"fg-caption\"><div class=\"fg-caption-inner\"><\/div><\/figcaption><\/figure><div class=\"fg-loader\"><\/div><\/div><div class=\"fg-item fg-type-image fg-idle\"><figure class=\"fg-item-inner\"><a href=\"http:\/\/www.museocaraffa.org.ar\/blogcentenario\/wp-content\/uploads\/2016\/04\/vista-gral-10.jpg\" data-attachment-id=\"1995\" class=\"fg-thumb\"><span class=\"fg-image-wrap\"><img width=\"640\" height=\"360\" class=\"skip-lazy fg-image\" data-src-fg=\"http:\/\/www.museocaraffa.org.ar\/blogcentenario\/wp-content\/uploads\/cache\/2016\/04\/vista-gral-10\/1517462254.jpg\" src=\"data:image\/svg+xml,%3Csvg%20xmlns%3D%22http%3A%2F%2Fwww.w3.org%2F2000%2Fsvg%22%20width%3D%22640%22%20height%3D%22360%22%20viewBox%3D%220%200%20640%20360%22%3E%3C%2Fsvg%3E\" \/><\/span><span class=\"fg-image-overlay\"><\/span><\/a><figcaption class=\"fg-caption\"><div class=\"fg-caption-inner\"><\/div><\/figcaption><\/figure><div class=\"fg-loader\"><\/div><\/div><div class=\"fg-item fg-type-image fg-idle\"><figure class=\"fg-item-inner\"><a href=\"http:\/\/www.museocaraffa.org.ar\/blogcentenario\/wp-content\/uploads\/2016\/04\/vista-gral-39.jpg\" data-attachment-id=\"2007\" class=\"fg-thumb\"><span class=\"fg-image-wrap\"><img width=\"640\" height=\"360\" class=\"skip-lazy fg-image\" data-src-fg=\"http:\/\/www.museocaraffa.org.ar\/blogcentenario\/wp-content\/uploads\/cache\/2016\/04\/vista-gral-39\/252272325.jpg\" src=\"data:image\/svg+xml,%3Csvg%20xmlns%3D%22http%3A%2F%2Fwww.w3.org%2F2000%2Fsvg%22%20width%3D%22640%22%20height%3D%22360%22%20viewBox%3D%220%200%20640%20360%22%3E%3C%2Fsvg%3E\" \/><\/span><span class=\"fg-image-overlay\"><\/span><\/a><figcaption class=\"fg-caption\"><div class=\"fg-caption-inner\"><\/div><\/figcaption><\/figure><div class=\"fg-loader\"><\/div><\/div><div class=\"fg-item fg-type-image fg-idle\"><figure class=\"fg-item-inner\"><a href=\"http:\/\/www.museocaraffa.org.ar\/blogcentenario\/wp-content\/uploads\/2016\/04\/vista-gral-29.jpg\" data-attachment-id=\"2006\" class=\"fg-thumb\"><span class=\"fg-image-wrap\"><img width=\"640\" height=\"360\" class=\"skip-lazy fg-image\" data-src-fg=\"http:\/\/www.museocaraffa.org.ar\/blogcentenario\/wp-content\/uploads\/cache\/2016\/04\/vista-gral-29\/3356226858.jpg\" src=\"data:image\/svg+xml,%3Csvg%20xmlns%3D%22http%3A%2F%2Fwww.w3.org%2F2000%2Fsvg%22%20width%3D%22640%22%20height%3D%22360%22%20viewBox%3D%220%200%20640%20360%22%3E%3C%2Fsvg%3E\" \/><\/span><span class=\"fg-image-overlay\"><\/span><\/a><figcaption class=\"fg-caption\"><div class=\"fg-caption-inner\"><\/div><\/figcaption><\/figure><div class=\"fg-loader\"><\/div><\/div><div class=\"fg-item fg-type-image fg-idle\"><figure class=\"fg-item-inner\"><a href=\"http:\/\/www.museocaraffa.org.ar\/blogcentenario\/wp-content\/uploads\/2016\/04\/vista-gral-4-1.jpg\" data-attachment-id=\"2012\" class=\"fg-thumb\"><span class=\"fg-image-wrap\"><img width=\"640\" height=\"360\" class=\"skip-lazy fg-image\" data-src-fg=\"http:\/\/www.museocaraffa.org.ar\/blogcentenario\/wp-content\/uploads\/cache\/2016\/04\/vista-gral-4-1\/1351965371.jpg\" src=\"data:image\/svg+xml,%3Csvg%20xmlns%3D%22http%3A%2F%2Fwww.w3.org%2F2000%2Fsvg%22%20width%3D%22640%22%20height%3D%22360%22%20viewBox%3D%220%200%20640%20360%22%3E%3C%2Fsvg%3E\" \/><\/span><span class=\"fg-image-overlay\"><\/span><\/a><figcaption class=\"fg-caption\"><div class=\"fg-caption-inner\"><\/div><\/figcaption><\/figure><div class=\"fg-loader\"><\/div><\/div><div class=\"fg-item fg-type-image fg-idle\"><figure class=\"fg-item-inner\"><a href=\"http:\/\/www.museocaraffa.org.ar\/blogcentenario\/wp-content\/uploads\/2016\/04\/vista-gral-8.jpg\" data-attachment-id=\"1994\" class=\"fg-thumb\"><span class=\"fg-image-wrap\"><img width=\"640\" height=\"360\" class=\"skip-lazy fg-image\" data-src-fg=\"http:\/\/www.museocaraffa.org.ar\/blogcentenario\/wp-content\/uploads\/cache\/2016\/04\/vista-gral-8\/3310424596.jpg\" src=\"data:image\/svg+xml,%3Csvg%20xmlns%3D%22http%3A%2F%2Fwww.w3.org%2F2000%2Fsvg%22%20width%3D%22640%22%20height%3D%22360%22%20viewBox%3D%220%200%20640%20360%22%3E%3C%2Fsvg%3E\" \/><\/span><span class=\"fg-image-overlay\"><\/span><\/a><figcaption class=\"fg-caption\"><div class=\"fg-caption-inner\"><\/div><\/figcaption><\/figure><div class=\"fg-loader\"><\/div><\/div><div class=\"fg-item fg-type-image fg-idle\"><figure class=\"fg-item-inner\"><a href=\"http:\/\/www.museocaraffa.org.ar\/blogcentenario\/wp-content\/uploads\/2016\/04\/vista-gral-28.jpg\" data-attachment-id=\"2005\" class=\"fg-thumb\"><span class=\"fg-image-wrap\"><img width=\"640\" height=\"360\" class=\"skip-lazy fg-image\" data-src-fg=\"http:\/\/www.museocaraffa.org.ar\/blogcentenario\/wp-content\/uploads\/cache\/2016\/04\/vista-gral-28\/2941924097.jpg\" src=\"data:image\/svg+xml,%3Csvg%20xmlns%3D%22http%3A%2F%2Fwww.w3.org%2F2000%2Fsvg%22%20width%3D%22640%22%20height%3D%22360%22%20viewBox%3D%220%200%20640%20360%22%3E%3C%2Fsvg%3E\" \/><\/span><span class=\"fg-image-overlay\"><\/span><\/a><figcaption class=\"fg-caption\"><div class=\"fg-caption-inner\"><\/div><\/figcaption><\/figure><div class=\"fg-loader\"><\/div><\/div><div class=\"fg-item fg-type-image fg-idle\"><figure class=\"fg-item-inner\"><a href=\"http:\/\/www.museocaraffa.org.ar\/blogcentenario\/wp-content\/uploads\/2016\/04\/vista-gral-7.jpg\" data-attachment-id=\"1993\" class=\"fg-thumb\"><span class=\"fg-image-wrap\"><img width=\"640\" height=\"360\" class=\"skip-lazy fg-image\" data-src-fg=\"http:\/\/www.museocaraffa.org.ar\/blogcentenario\/wp-content\/uploads\/cache\/2016\/04\/vista-gral-7\/1345291011.jpg\" src=\"data:image\/svg+xml,%3Csvg%20xmlns%3D%22http%3A%2F%2Fwww.w3.org%2F2000%2Fsvg%22%20width%3D%22640%22%20height%3D%22360%22%20viewBox%3D%220%200%20640%20360%22%3E%3C%2Fsvg%3E\" \/><\/span><span class=\"fg-image-overlay\"><\/span><\/a><figcaption class=\"fg-caption\"><div class=\"fg-caption-inner\"><\/div><\/figcaption><\/figure><div class=\"fg-loader\"><\/div><\/div><div class=\"fg-item fg-type-image fg-idle\"><figure class=\"fg-item-inner\"><a href=\"http:\/\/www.museocaraffa.org.ar\/blogcentenario\/wp-content\/uploads\/2016\/04\/vista-gral-5.jpg\" data-attachment-id=\"1991\" class=\"fg-thumb\"><span class=\"fg-image-wrap\"><img width=\"640\" height=\"360\" class=\"skip-lazy fg-image\" data-src-fg=\"http:\/\/www.museocaraffa.org.ar\/blogcentenario\/wp-content\/uploads\/cache\/2016\/04\/vista-gral-5\/559428532.jpg\" src=\"data:image\/svg+xml,%3Csvg%20xmlns%3D%22http%3A%2F%2Fwww.w3.org%2F2000%2Fsvg%22%20width%3D%22640%22%20height%3D%22360%22%20viewBox%3D%220%200%20640%20360%22%3E%3C%2Fsvg%3E\" \/><\/span><span class=\"fg-image-overlay\"><\/span><\/a><figcaption class=\"fg-caption\"><div class=\"fg-caption-inner\"><\/div><\/figcaption><\/figure><div class=\"fg-loader\"><\/div><\/div><div class=\"fg-item fg-type-image fg-idle\"><figure class=\"fg-item-inner\"><a href=\"http:\/\/www.museocaraffa.org.ar\/blogcentenario\/wp-content\/uploads\/2016\/04\/vista-gral-30.jpg\" data-attachment-id=\"2023\" class=\"fg-thumb\"><span class=\"fg-image-wrap\"><img width=\"640\" height=\"360\" class=\"skip-lazy fg-image\" data-src-fg=\"http:\/\/www.museocaraffa.org.ar\/blogcentenario\/wp-content\/uploads\/cache\/2016\/04\/vista-gral-30\/2203229541.jpg\" src=\"data:image\/svg+xml,%3Csvg%20xmlns%3D%22http%3A%2F%2Fwww.w3.org%2F2000%2Fsvg%22%20width%3D%22640%22%20height%3D%22360%22%20viewBox%3D%220%200%20640%20360%22%3E%3C%2Fsvg%3E\" \/><\/span><span class=\"fg-image-overlay\"><\/span><\/a><figcaption class=\"fg-caption\"><div class=\"fg-caption-inner\"><\/div><\/figcaption><\/figure><div class=\"fg-loader\"><\/div><\/div><div class=\"fg-item fg-type-image fg-idle\"><figure class=\"fg-item-inner\"><a href=\"http:\/\/www.museocaraffa.org.ar\/blogcentenario\/wp-content\/uploads\/2016\/04\/vista-gral-6.jpg\" data-attachment-id=\"1992\" class=\"fg-thumb\"><span class=\"fg-image-wrap\"><img width=\"640\" height=\"360\" class=\"skip-lazy fg-image\" data-src-fg=\"http:\/\/www.museocaraffa.org.ar\/blogcentenario\/wp-content\/uploads\/cache\/2016\/04\/vista-gral-6\/2234308728.jpg\" src=\"data:image\/svg+xml,%3Csvg%20xmlns%3D%22http%3A%2F%2Fwww.w3.org%2F2000%2Fsvg%22%20width%3D%22640%22%20height%3D%22360%22%20viewBox%3D%220%200%20640%20360%22%3E%3C%2Fsvg%3E\" \/><\/span><span class=\"fg-image-overlay\"><\/span><\/a><figcaption class=\"fg-caption\"><div class=\"fg-caption-inner\"><\/div><\/figcaption><\/figure><div class=\"fg-loader\"><\/div><\/div><div class=\"fg-item fg-type-image fg-idle\"><figure class=\"fg-item-inner\"><a href=\"http:\/\/www.museocaraffa.org.ar\/blogcentenario\/wp-content\/uploads\/2016\/04\/vista-gral-20.jpg\" data-attachment-id=\"1997\" class=\"fg-thumb\"><span class=\"fg-image-wrap\"><img width=\"640\" height=\"360\" class=\"skip-lazy fg-image\" data-src-fg=\"http:\/\/www.museocaraffa.org.ar\/blogcentenario\/wp-content\/uploads\/cache\/2016\/04\/vista-gral-20\/410904370.jpg\" src=\"data:image\/svg+xml,%3Csvg%20xmlns%3D%22http%3A%2F%2Fwww.w3.org%2F2000%2Fsvg%22%20width%3D%22640%22%20height%3D%22360%22%20viewBox%3D%220%200%20640%20360%22%3E%3C%2Fsvg%3E\" \/><\/span><span class=\"fg-image-overlay\"><\/span><\/a><figcaption class=\"fg-caption\"><div class=\"fg-caption-inner\"><\/div><\/figcaption><\/figure><div class=\"fg-loader\"><\/div><\/div><div class=\"fg-item fg-type-image fg-idle\"><figure class=\"fg-item-inner\"><a href=\"http:\/\/www.museocaraffa.org.ar\/blogcentenario\/wp-content\/uploads\/2016\/04\/vista-gral-22.jpg\" data-attachment-id=\"1999\" class=\"fg-thumb\"><span class=\"fg-image-wrap\"><img width=\"640\" height=\"360\" class=\"skip-lazy fg-image\" data-src-fg=\"http:\/\/www.museocaraffa.org.ar\/blogcentenario\/wp-content\/uploads\/cache\/2016\/04\/vista-gral-22\/3819342145.jpg\" src=\"data:image\/svg+xml,%3Csvg%20xmlns%3D%22http%3A%2F%2Fwww.w3.org%2F2000%2Fsvg%22%20width%3D%22640%22%20height%3D%22360%22%20viewBox%3D%220%200%20640%20360%22%3E%3C%2Fsvg%3E\" \/><\/span><span class=\"fg-image-overlay\"><\/span><\/a><figcaption class=\"fg-caption\"><div class=\"fg-caption-inner\"><\/div><\/figcaption><\/figure><div class=\"fg-loader\"><\/div><\/div><div class=\"fg-item fg-type-image fg-idle\"><figure class=\"fg-item-inner\"><a href=\"http:\/\/www.museocaraffa.org.ar\/blogcentenario\/wp-content\/uploads\/2016\/04\/vista-gral-43.jpg\" data-attachment-id=\"1978\" class=\"fg-thumb\"><span class=\"fg-image-wrap\"><img width=\"640\" height=\"360\" class=\"skip-lazy fg-image\" data-src-fg=\"http:\/\/www.museocaraffa.org.ar\/blogcentenario\/wp-content\/uploads\/cache\/2016\/04\/vista-gral-43\/1802411159.jpg\" src=\"data:image\/svg+xml,%3Csvg%20xmlns%3D%22http%3A%2F%2Fwww.w3.org%2F2000%2Fsvg%22%20width%3D%22640%22%20height%3D%22360%22%20viewBox%3D%220%200%20640%20360%22%3E%3C%2Fsvg%3E\" \/><\/span><span class=\"fg-image-overlay\"><\/span><\/a><figcaption class=\"fg-caption\"><div class=\"fg-caption-inner\"><\/div><\/figcaption><\/figure><div class=\"fg-loader\"><\/div><\/div><div class=\"fg-item fg-type-image fg-idle\"><figure class=\"fg-item-inner\"><a href=\"http:\/\/www.museocaraffa.org.ar\/blogcentenario\/wp-content\/uploads\/2016\/04\/vista-gral-36.jpg\" data-attachment-id=\"1976\" class=\"fg-thumb\"><span class=\"fg-image-wrap\"><img width=\"640\" height=\"360\" class=\"skip-lazy fg-image\" data-src-fg=\"http:\/\/www.museocaraffa.org.ar\/blogcentenario\/wp-content\/uploads\/cache\/2016\/04\/vista-gral-36\/4262565428.jpg\" src=\"data:image\/svg+xml,%3Csvg%20xmlns%3D%22http%3A%2F%2Fwww.w3.org%2F2000%2Fsvg%22%20width%3D%22640%22%20height%3D%22360%22%20viewBox%3D%220%200%20640%20360%22%3E%3C%2Fsvg%3E\" \/><\/span><span class=\"fg-image-overlay\"><\/span><\/a><figcaption class=\"fg-caption\"><div class=\"fg-caption-inner\"><\/div><\/figcaption><\/figure><div class=\"fg-loader\"><\/div><\/div><div class=\"fg-item fg-type-image fg-idle\"><figure class=\"fg-item-inner\"><a href=\"http:\/\/www.museocaraffa.org.ar\/blogcentenario\/wp-content\/uploads\/2016\/04\/vista-gral-12.jpg\" data-attachment-id=\"1975\" class=\"fg-thumb\"><span class=\"fg-image-wrap\"><img width=\"640\" height=\"360\" class=\"skip-lazy fg-image\" data-src-fg=\"http:\/\/www.museocaraffa.org.ar\/blogcentenario\/wp-content\/uploads\/cache\/2016\/04\/vista-gral-12\/4283856637.jpg\" src=\"data:image\/svg+xml,%3Csvg%20xmlns%3D%22http%3A%2F%2Fwww.w3.org%2F2000%2Fsvg%22%20width%3D%22640%22%20height%3D%22360%22%20viewBox%3D%220%200%20640%20360%22%3E%3C%2Fsvg%3E\" \/><\/span><span class=\"fg-image-overlay\"><\/span><\/a><figcaption class=\"fg-caption\"><div class=\"fg-caption-inner\"><\/div><\/figcaption><\/figure><div class=\"fg-loader\"><\/div><\/div><div class=\"fg-item fg-type-image fg-idle\"><figure class=\"fg-item-inner\"><a href=\"http:\/\/www.museocaraffa.org.ar\/blogcentenario\/wp-content\/uploads\/2016\/04\/vista-gral-11.jpg\" data-attachment-id=\"1974\" class=\"fg-thumb\"><span class=\"fg-image-wrap\"><img width=\"640\" height=\"360\" class=\"skip-lazy fg-image\" data-src-fg=\"http:\/\/www.museocaraffa.org.ar\/blogcentenario\/wp-content\/uploads\/cache\/2016\/04\/vista-gral-11\/2711670450.jpg\" src=\"data:image\/svg+xml,%3Csvg%20xmlns%3D%22http%3A%2F%2Fwww.w3.org%2F2000%2Fsvg%22%20width%3D%22640%22%20height%3D%22360%22%20viewBox%3D%220%200%20640%20360%22%3E%3C%2Fsvg%3E\" \/><\/span><span class=\"fg-image-overlay\"><\/span><\/a><figcaption class=\"fg-caption\"><div class=\"fg-caption-inner\"><\/div><\/figcaption><\/figure><div class=\"fg-loader\"><\/div><\/div><div class=\"fg-item fg-type-image fg-idle\"><figure class=\"fg-item-inner\"><a href=\"http:\/\/www.museocaraffa.org.ar\/blogcentenario\/wp-content\/uploads\/2016\/04\/vista-gral-9.jpg\" data-attachment-id=\"1971\" class=\"fg-thumb\"><span class=\"fg-image-wrap\"><img width=\"640\" height=\"360\" class=\"skip-lazy fg-image\" data-src-fg=\"http:\/\/www.museocaraffa.org.ar\/blogcentenario\/wp-content\/uploads\/cache\/2016\/04\/vista-gral-9\/3473494005.jpg\" src=\"data:image\/svg+xml,%3Csvg%20xmlns%3D%22http%3A%2F%2Fwww.w3.org%2F2000%2Fsvg%22%20width%3D%22640%22%20height%3D%22360%22%20viewBox%3D%220%200%20640%20360%22%3E%3C%2Fsvg%3E\" \/><\/span><span class=\"fg-image-overlay\"><\/span><\/a><figcaption class=\"fg-caption\"><div class=\"fg-caption-inner\"><\/div><\/figcaption><\/figure><div class=\"fg-loader\"><\/div><\/div><div class=\"fg-item fg-type-image fg-idle\"><figure class=\"fg-item-inner\"><a href=\"http:\/\/www.museocaraffa.org.ar\/blogcentenario\/wp-content\/uploads\/2016\/04\/vista-gral-19.jpg\" data-attachment-id=\"1973\" class=\"fg-thumb\"><span class=\"fg-image-wrap\"><img width=\"640\" height=\"360\" class=\"skip-lazy fg-image\" data-src-fg=\"http:\/\/www.museocaraffa.org.ar\/blogcentenario\/wp-content\/uploads\/cache\/2016\/04\/vista-gral-19\/783999360.jpg\" src=\"data:image\/svg+xml,%3Csvg%20xmlns%3D%22http%3A%2F%2Fwww.w3.org%2F2000%2Fsvg%22%20width%3D%22640%22%20height%3D%22360%22%20viewBox%3D%220%200%20640%20360%22%3E%3C%2Fsvg%3E\" \/><\/span><span class=\"fg-image-overlay\"><\/span><\/a><figcaption class=\"fg-caption\"><div class=\"fg-caption-inner\"><\/div><\/figcaption><\/figure><div class=\"fg-loader\"><\/div><\/div><div class=\"fg-item fg-type-image fg-idle\"><figure class=\"fg-item-inner\"><a href=\"http:\/\/www.museocaraffa.org.ar\/blogcentenario\/wp-content\/uploads\/2016\/04\/vista-gral-13.jpg\" data-attachment-id=\"1972\" class=\"fg-thumb\"><span class=\"fg-image-wrap\"><img width=\"640\" height=\"360\" class=\"skip-lazy fg-image\" data-src-fg=\"http:\/\/www.museocaraffa.org.ar\/blogcentenario\/wp-content\/uploads\/cache\/2016\/04\/vista-gral-13\/1862484708.jpg\" src=\"data:image\/svg+xml,%3Csvg%20xmlns%3D%22http%3A%2F%2Fwww.w3.org%2F2000%2Fsvg%22%20width%3D%22640%22%20height%3D%22360%22%20viewBox%3D%220%200%20640%20360%22%3E%3C%2Fsvg%3E\" \/><\/span><span class=\"fg-image-overlay\"><\/span><\/a><figcaption class=\"fg-caption\"><div class=\"fg-caption-inner\"><\/div><\/figcaption><\/figure><div class=\"fg-loader\"><\/div><\/div>\t\t<\/div>\r\n\t\t<div class=\"fiv-ctrls\">\r\n\t\t\t<div class=\"fiv-prev\"><span>Anterior<\/span><\/div>\r\n\t\t\t<label class=\"fiv-count\"><span class=\"fiv-count-current\">1<\/span>de<span class=\"fiv-count-total\">41<\/span><\/label>\r\n\t\t\t<div class=\"fiv-next\"><span>Siguiente<\/span><\/div>\r\n\t\t<\/div>\r\n\t<\/div>\r\n<\/div>\n<p>(vistas de sala de la exposici\u00f3n)<\/p>\n<hr \/>\n<p>Video en lengua de se\u00f1as argentina<\/p>\n<p><span style=\"color: #808080;\">Actividad en conjunto con el Area Cultura Accesible. Int\u00e9rprete: Jesica Macri<\/span><br \/>\n<iframe title=\"Expo &quot;Intervalos. Museo Caraffa 100 a\u00f1os&quot;. Lengua de se\u00f1as argentina\" width=\"470\" height=\"264\" src=\"https:\/\/www.youtube.com\/embed\/XbKcVLtBuXA?feature=oembed\" frameborder=\"0\" allow=\"accelerometer; autoplay; clipboard-write; encrypted-media; gyroscope; picture-in-picture; web-share\" allowfullscreen><\/iframe><\/p>\n<hr \/>\n<h6><span style=\"color: #999999;\">REFERENCIAS<\/span><\/h6>\n<ul>\n<li><a href=\"http:\/\/www.lavoz.com.ar\/ciudad-equis\/el-museo-caraffa-cumple-100-la-muestra-del-centenario\">\u00abEl Museo Caraffa cumple 100 a\u00f1os: la muestra del centenario\u00bb. <em>La Voz del Interior &#8211; Ciudad Equis<\/em>, 11\/12\/2014<\/a><\/li>\n<li><a href=\"http:\/\/www.lavoz.com.ar\/ciudad-equis\/museo-caraffa-el-arte-va-por-dentro\">Javier Mattio. \u00bb El arte va por dentro\u00bb. <em>La Voz del Interior &#8211; Ciudad Equis<\/em>, 11\/12\/2014<\/a><\/li>\n<\/ul>\n","protected":false},"excerpt":{"rendered":"<p>Museo Caraffa &#8211; 100 A\u00f1os. Notas desplegables En diciembre de 2014 el Museo Caraffa cumple su centenario. La ocasi\u00f3n corresponde al acontecimiento que ha sido&#8230;<\/p>\n","protected":false},"author":2,"featured_media":0,"parent":0,"menu_order":0,"comment_status":"open","ping_status":"open","template":"","meta":[],"_links":{"self":[{"href":"http:\/\/www.museocaraffa.org.ar\/blogcentenario\/index.php?rest_route=\/wp\/v2\/pages\/1554"}],"collection":[{"href":"http:\/\/www.museocaraffa.org.ar\/blogcentenario\/index.php?rest_route=\/wp\/v2\/pages"}],"about":[{"href":"http:\/\/www.museocaraffa.org.ar\/blogcentenario\/index.php?rest_route=\/wp\/v2\/types\/page"}],"author":[{"embeddable":true,"href":"http:\/\/www.museocaraffa.org.ar\/blogcentenario\/index.php?rest_route=\/wp\/v2\/users\/2"}],"replies":[{"embeddable":true,"href":"http:\/\/www.museocaraffa.org.ar\/blogcentenario\/index.php?rest_route=%2Fwp%2Fv2%2Fcomments&post=1554"}],"version-history":[{"count":80,"href":"http:\/\/www.museocaraffa.org.ar\/blogcentenario\/index.php?rest_route=\/wp\/v2\/pages\/1554\/revisions"}],"predecessor-version":[{"id":2849,"href":"http:\/\/www.museocaraffa.org.ar\/blogcentenario\/index.php?rest_route=\/wp\/v2\/pages\/1554\/revisions\/2849"}],"wp:attachment":[{"href":"http:\/\/www.museocaraffa.org.ar\/blogcentenario\/index.php?rest_route=%2Fwp%2Fv2%2Fmedia&parent=1554"}],"curies":[{"name":"wp","href":"https:\/\/api.w.org\/{rel}","templated":true}]}}